{"id":748,"date":"2019-06-04T16:01:37","date_gmt":"2019-06-04T14:01:37","guid":{"rendered":"https:\/\/adue-nord.de\/?page_id=748"},"modified":"2025-11-19T13:02:20","modified_gmt":"2025-11-19T12:02:20","slug":"team","status":"publish","type":"page","link":"https:\/\/adue-nord.de\/fr\/team\/","title":{"rendered":"Team"},"content":{"rendered":"\n<p>Damit die vielf\u00e4ltigen Aufgaben des AD\u00dc Nord immer in kompetenten H\u00e4nden  liegen, hat sich der Vorstand ein ganzes Team von Beauftragten zur Seite gestellt, die als Ansprechpartner f\u00fcr ihr jeweiliges Fachgebiet gern zur Verf\u00fcgung stehen: <\/p>\n\n\n\n<div style=\"height:18px\" aria-hidden=\"true\" class=\"wp-block-spacer\"><\/div>\n\n\n\n<h3 class=\"wp-block-heading\">Vorstand<\/h3>\n\n\n\n<div class=\"wp-block-columns has-2-columns is-layout-flex wp-container-core-columns-is-layout-9d6595d7 wp-block-columns-is-layout-flex\">\n<div class=\"wp-block-column is-layout-flow wp-block-column-is-layout-flow\">\n<div class=\"wp-block-columns has-2-columns is-layout-flex wp-container-core-columns-is-layout-9d6595d7 wp-block-columns-is-layout-flex\">\n<div class=\"wp-block-column is-layout-flow wp-block-column-is-layout-flow\">\n<figure class=\"wp-block-image\"><img loading=\"lazy\" decoding=\"async\" width=\"275\" height=\"275\" src=\"https:\/\/adue-nord.de\/wp-content\/uploads\/Storm-Natalia.jpg\" alt=\"\" class=\"wp-image-752\" srcset=\"https:\/\/adue-nord.de\/wp-content\/uploads\/Storm-Natalia.jpg 275w, https:\/\/adue-nord.de\/wp-content\/uploads\/Storm-Natalia-160x160.jpg 160w, https:\/\/adue-nord.de\/wp-content\/uploads\/Storm-Natalia-100x100.jpg 100w\" sizes=\"auto, (max-width: 275px) 100vw, 275px\" \/><figcaption class=\"wp-element-caption\"><strong>Natalia Storm<\/strong><br> <br><strong>1. Vorsitzende<\/strong><br>Transforum, Beauftragte f\u00fcr Ausbildung, Berufseinstieg und Mentoringprogramm<br><a href=\"mailto:natalia@adue-nord.de\">E-Mail<\/a><\/figcaption><\/figure>\n\n\n\n<p><\/p>\n<\/div>\n\n\n\n<div class=\"wp-block-column is-layout-flow wp-block-column-is-layout-flow\">\n<figure class=\"wp-block-image size-full is-resized is-style-default\"><img loading=\"lazy\" decoding=\"async\" width=\"640\" height=\"640\" src=\"https:\/\/adue-nord.de\/wp-content\/uploads\/54108DD8-4526-4DE8-B775-82FC0FCE94BC.jpeg\" alt=\"\" class=\"wp-image-9349\" style=\"width:273px;height:auto\" srcset=\"https:\/\/adue-nord.de\/wp-content\/uploads\/54108DD8-4526-4DE8-B775-82FC0FCE94BC.jpeg 640w, https:\/\/adue-nord.de\/wp-content\/uploads\/54108DD8-4526-4DE8-B775-82FC0FCE94BC-300x300.jpeg 300w, https:\/\/adue-nord.de\/wp-content\/uploads\/54108DD8-4526-4DE8-B775-82FC0FCE94BC-160x160.jpeg 160w, https:\/\/adue-nord.de\/wp-content\/uploads\/54108DD8-4526-4DE8-B775-82FC0FCE94BC-600x600.jpeg 600w, https:\/\/adue-nord.de\/wp-content\/uploads\/54108DD8-4526-4DE8-B775-82FC0FCE94BC-100x100.jpeg 100w\" sizes=\"auto, (max-width: 640px) 100vw, 640px\" \/><figcaption class=\"wp-element-caption\"><strong>Ines Lasch<\/strong><br><br><strong>2. Vorsitzende<\/strong><br>\u00d6ffentlichkeitsarbeit, Koordination Gesch\u00e4ftsstelle und Verbandsmarketing<br><a href=\"mailto:ines@adue-nord.de\">E-Mail<\/a><\/figcaption><\/figure>\n<\/div>\n<\/div>\n\n\n\n<div class=\"wp-block-columns has-2-columns is-layout-flex wp-container-core-columns-is-layout-9d6595d7 wp-block-columns-is-layout-flex\">\n<div class=\"wp-block-column is-layout-flow wp-block-column-is-layout-flow\">\n<figure class=\"wp-block-image size-full is-resized\"><img loading=\"lazy\" decoding=\"async\" width=\"200\" height=\"200\" src=\"https:\/\/adue-nord.de\/wp-content\/uploads\/Judit-Bild-Team-23.jpg\" alt=\"\" class=\"wp-image-16758\" style=\"width:269px;height:auto\" srcset=\"https:\/\/adue-nord.de\/wp-content\/uploads\/Judit-Bild-Team-23.jpg 200w, https:\/\/adue-nord.de\/wp-content\/uploads\/Judit-Bild-Team-23-160x160.jpg 160w, https:\/\/adue-nord.de\/wp-content\/uploads\/Judit-Bild-Team-23-100x100.jpg 100w\" sizes=\"auto, (max-width: 200px) 100vw, 200px\" \/><figcaption class=\"wp-element-caption\"><strong><strong>Judit Fazekas<\/strong><br><br><strong>Referentin<\/strong><br><\/strong>ISO-Norm f\u00fcr Justiz, Kontakt zur Wirtschaft und HK<br><a href=\"mailto:seminare@adue-nord.de\">E-Mail<\/a><\/figcaption><\/figure>\n<\/div>\n\n\n\n<div class=\"wp-block-column is-layout-flow wp-block-column-is-layout-flow\">\n<figure class=\"wp-block-image size-large is-resized\"><img loading=\"lazy\" decoding=\"async\" width=\"796\" height=\"1024\" src=\"https:\/\/adue-nord.de\/wp-content\/uploads\/e4d48f71-796x1024.jpg\" alt=\"\" class=\"wp-image-3892\" style=\"width:198px;height:auto\" srcset=\"https:\/\/adue-nord.de\/wp-content\/uploads\/e4d48f71-796x1024.jpg 796w, https:\/\/adue-nord.de\/wp-content\/uploads\/e4d48f71-233x300.jpg 233w, https:\/\/adue-nord.de\/wp-content\/uploads\/e4d48f71-768x988.jpg 768w, https:\/\/adue-nord.de\/wp-content\/uploads\/e4d48f71-600x772.jpg 600w\" sizes=\"auto, (max-width: 796px) 100vw, 796px\" \/><figcaption class=\"wp-element-caption\"><strong>Agata Nowak-Stolze<\/strong><br><br><strong>Schriftf\u00fchrerin<\/strong><br>PR<br><a href=\"mailto:agata@adue-nord.de\">E-Mail<\/a><\/figcaption><\/figure>\n<\/div>\n<\/div>\n<\/div>\n\n\n\n<div class=\"wp-block-column is-layout-flow wp-block-column-is-layout-flow\">\n<div class=\"wp-block-columns has-2-columns is-layout-flex wp-container-core-columns-is-layout-9d6595d7 wp-block-columns-is-layout-flex\">\n<div class=\"wp-block-column is-layout-flow wp-block-column-is-layout-flow\">\n<figure class=\"wp-block-image\"><img loading=\"lazy\" decoding=\"async\" width=\"275\" height=\"275\" src=\"https:\/\/adue-nord.de\/wp-content\/uploads\/ute-dietrich.jpg\" alt=\"\" class=\"wp-image-751\" srcset=\"https:\/\/adue-nord.de\/wp-content\/uploads\/ute-dietrich.jpg 275w, https:\/\/adue-nord.de\/wp-content\/uploads\/ute-dietrich-160x160.jpg 160w, https:\/\/adue-nord.de\/wp-content\/uploads\/ute-dietrich-100x100.jpg 100w\" sizes=\"auto, (max-width: 275px) 100vw, 275px\" \/><figcaption class=\"wp-element-caption\"><strong>Ute A. Dietrich<\/strong> <br><br><strong>Schatzmeisterin<br><\/strong>Finanzen &#038; Versicherungen<br><a href=\"mailto:ute@adue-nord.de\">E-Mail<\/a><\/figcaption><\/figure>\n<\/div>\n\n\n\n<div class=\"wp-block-column is-layout-flow wp-block-column-is-layout-flow\">\n<figure class=\"wp-block-image\"><img loading=\"lazy\" decoding=\"async\" width=\"275\" height=\"275\" src=\"https:\/\/adue-nord.de\/wp-content\/uploads\/joerg_schmidt-275x275.jpg\" alt=\"\" class=\"wp-image-749\" srcset=\"https:\/\/adue-nord.de\/wp-content\/uploads\/joerg_schmidt-275x275.jpg 275w, https:\/\/adue-nord.de\/wp-content\/uploads\/joerg_schmidt-275x275-160x160.jpg 160w, https:\/\/adue-nord.de\/wp-content\/uploads\/joerg_schmidt-275x275-100x100.jpg 100w\" sizes=\"auto, (max-width: 275px) 100vw, 275px\" \/><figcaption class=\"wp-element-caption\"><strong>J\u00f6rg Schmidt<\/strong><br> <br><strong>Referent<br><\/strong>f\u00fcr Vereidigtenwesen und Berufsrecht, Assistenz f\u00fcr den 1. Vorsitz<br><a href=\"mailto:joerg@adue-nord.de\">E-Mail<\/a><br>Tel.: +49 40 22944574<\/figcaption><\/figure>\n<\/div>\n<\/div>\n\n\n\n<div class=\"wp-block-columns has-2-columns is-layout-flex wp-container-core-columns-is-layout-9d6595d7 wp-block-columns-is-layout-flex\">\n<div class=\"wp-block-column is-layout-flow wp-block-column-is-layout-flow\"><\/div>\n\n\n\n<div class=\"wp-block-column is-layout-flow wp-block-column-is-layout-flow\"><\/div>\n<\/div>\n<\/div>\n<\/div>\n\n\n\n<h3 class=\"wp-block-heading\">Beauftragte<\/h3>\n\n\n\n<div class=\"wp-block-columns has-2-columns is-layout-flex wp-container-core-columns-is-layout-9d6595d7 wp-block-columns-is-layout-flex\">\n<div class=\"wp-block-column is-layout-flow wp-block-column-is-layout-flow\">\n<div class=\"wp-block-columns has-2-columns is-layout-flex wp-container-core-columns-is-layout-9d6595d7 wp-block-columns-is-layout-flex\">\n<div class=\"wp-block-column is-layout-flow wp-block-column-is-layout-flow\">\n<figure class=\"wp-block-image\"><img loading=\"lazy\" decoding=\"async\" width=\"275\" height=\"275\" src=\"https:\/\/adue-nord.de\/wp-content\/uploads\/manuela_neu-275x275.jpg\" alt=\"\" class=\"wp-image-758\" srcset=\"https:\/\/adue-nord.de\/wp-content\/uploads\/manuela_neu-275x275.jpg 275w, https:\/\/adue-nord.de\/wp-content\/uploads\/manuela_neu-275x275-160x160.jpg 160w, https:\/\/adue-nord.de\/wp-content\/uploads\/manuela_neu-275x275-100x100.jpg 100w\" sizes=\"auto, (max-width: 275px) 100vw, 275px\" \/><figcaption class=\"wp-element-caption\"><strong>Manuela B. Wille<\/strong><br><br><strong>Beauftragte<\/strong><br>Konferenzdolmetschen, DIN-Normen<br><a href=\"mailto:manuela@adue-nord.de\">E-Mail<\/a><\/figcaption><\/figure>\n<\/div>\n\n\n\n<div class=\"wp-block-column is-layout-flow wp-block-column-is-layout-flow\">\n<figure class=\"wp-block-image\"><img loading=\"lazy\" decoding=\"async\" width=\"275\" height=\"275\" src=\"https:\/\/adue-nord.de\/wp-content\/uploads\/Anette-Brandt_Foto-275x275.jpg\" alt=\"\" class=\"wp-image-759\" srcset=\"https:\/\/adue-nord.de\/wp-content\/uploads\/Anette-Brandt_Foto-275x275.jpg 275w, https:\/\/adue-nord.de\/wp-content\/uploads\/Anette-Brandt_Foto-275x275-160x160.jpg 160w, https:\/\/adue-nord.de\/wp-content\/uploads\/Anette-Brandt_Foto-275x275-100x100.jpg 100w\" sizes=\"auto, (max-width: 275px) 100vw, 275px\" \/><figcaption class=\"wp-element-caption\"><strong>Anette Brandt<\/strong><br><br><strong>Beauftragte<\/strong><br>Social Media<br><a href=\"mailto:twitter@adue-nord.de\">E-Mail<\/a><\/figcaption><\/figure>\n<\/div>\n<\/div>\n<\/div>\n\n\n\n<div class=\"wp-block-column is-layout-flow wp-block-column-is-layout-flow\">\n<div class=\"wp-block-columns has-2-columns is-layout-flex wp-container-core-columns-is-layout-9d6595d7 wp-block-columns-is-layout-flex\">\n<div class=\"wp-block-column is-layout-flow wp-block-column-is-layout-flow\">\n<figure class=\"wp-block-image size-full is-resized\"><img loading=\"lazy\" decoding=\"async\" width=\"683\" height=\"683\" src=\"https:\/\/adue-nord.de\/wp-content\/uploads\/1961_Gitta-Gerken2-683x1024-2.jpg\" alt=\"\" class=\"wp-image-17119\" style=\"width:274px;height:auto\" srcset=\"https:\/\/adue-nord.de\/wp-content\/uploads\/1961_Gitta-Gerken2-683x1024-2.jpg 683w, https:\/\/adue-nord.de\/wp-content\/uploads\/1961_Gitta-Gerken2-683x1024-2-300x300.jpg 300w, https:\/\/adue-nord.de\/wp-content\/uploads\/1961_Gitta-Gerken2-683x1024-2-160x160.jpg 160w, https:\/\/adue-nord.de\/wp-content\/uploads\/1961_Gitta-Gerken2-683x1024-2-600x600.jpg 600w, https:\/\/adue-nord.de\/wp-content\/uploads\/1961_Gitta-Gerken2-683x1024-2-100x100.jpg 100w\" sizes=\"auto, (max-width: 683px) 100vw, 683px\" \/><figcaption class=\"wp-element-caption\"><strong>Gitta Gerken<\/strong><br><br><strong>Beauftragte<\/strong><br>Angestellte Dolmetscher und <br>\u00dcbersetzer<a href=\"mailto:marietta@adue-nord.de\" target=\"_blank\" rel=\"noreferrer noopener\"><br><\/a><a href=\"mailto:gerken.69@email.de\" target=\"_blank\" rel=\"noreferrer noopener\">E-Mail <\/a><\/figcaption><\/figure>\n<\/div>\n\n\n\n<div class=\"wp-block-column is-layout-flow wp-block-column-is-layout-flow\">\n<figure class=\"wp-block-image size-full is-resized\"><img loading=\"lazy\" decoding=\"async\" width=\"797\" height=\"797\" src=\"https:\/\/adue-nord.de\/wp-content\/uploads\/Hompage-e1614327464530-edited.jpg\" alt=\"\" class=\"wp-image-14584\" style=\"width:275px;height:auto\" srcset=\"https:\/\/adue-nord.de\/wp-content\/uploads\/Hompage-e1614327464530-edited.jpg 797w, https:\/\/adue-nord.de\/wp-content\/uploads\/Hompage-e1614327464530-edited-300x300.jpg 300w, https:\/\/adue-nord.de\/wp-content\/uploads\/Hompage-e1614327464530-edited-160x160.jpg 160w, https:\/\/adue-nord.de\/wp-content\/uploads\/Hompage-e1614327464530-edited-768x768.jpg 768w, https:\/\/adue-nord.de\/wp-content\/uploads\/Hompage-e1614327464530-edited-600x600.jpg 600w, https:\/\/adue-nord.de\/wp-content\/uploads\/Hompage-e1614327464530-edited-100x100.jpg 100w\" sizes=\"auto, (max-width: 797px) 100vw, 797px\" \/><figcaption class=\"wp-element-caption\"><strong>Barbara Reindl<\/strong><br><br><strong>Beauftragte<\/strong><br>Leichte Sprache<br><a href=\"mailto:ba.reindl34@gmail.com\" target=\"_blank\" rel=\"noreferrer noopener\">E-Mail<\/a><\/figcaption><\/figure>\n\n\n\n<p><br><\/p>\n<\/div>\n<\/div>\n\n\n\n<p><\/p>\n<\/div>\n<\/div>\n\n\n\n<div class=\"wp-block-columns has-2-columns is-layout-flex wp-container-core-columns-is-layout-9d6595d7 wp-block-columns-is-layout-flex\">\n<div class=\"wp-block-column is-layout-flow wp-block-column-is-layout-flow\">\n<div class=\"wp-block-columns has-2-columns is-layout-flex wp-container-core-columns-is-layout-9d6595d7 wp-block-columns-is-layout-flex\">\n<div class=\"wp-block-column is-layout-flow wp-block-column-is-layout-flow\">\n<figure class=\"wp-block-image size-large is-resized\"><img loading=\"lazy\" decoding=\"async\" width=\"846\" height=\"1024\" src=\"https:\/\/adue-nord.de\/wp-content\/uploads\/IMG_3000_gm-e1612520756907-846x1024.jpg\" alt=\"\" class=\"wp-image-9795\" style=\"width:231px;height:auto\" srcset=\"https:\/\/adue-nord.de\/wp-content\/uploads\/IMG_3000_gm-e1612520756907-846x1024.jpg 846w, https:\/\/adue-nord.de\/wp-content\/uploads\/IMG_3000_gm-e1612520756907-248x300.jpg 248w, https:\/\/adue-nord.de\/wp-content\/uploads\/IMG_3000_gm-e1612520756907-768x930.jpg 768w, https:\/\/adue-nord.de\/wp-content\/uploads\/IMG_3000_gm-e1612520756907-1269x1536.jpg 1269w, https:\/\/adue-nord.de\/wp-content\/uploads\/IMG_3000_gm-e1612520756907-600x726.jpg 600w, https:\/\/adue-nord.de\/wp-content\/uploads\/IMG_3000_gm-e1612520756907.jpg 1371w\" sizes=\"auto, (max-width: 846px) 100vw, 846px\" \/><figcaption class=\"wp-element-caption\"><strong>Georgia Mais<\/strong><br><br><strong>Beauftragte<\/strong><br>Weiterbildung: Webinare und Tagungen<br><a href=\"mailto:georgia@adue-nord.de\">E-Mail<\/a><\/figcaption><\/figure>\n<\/div>\n\n\n\n<div class=\"wp-block-column is-layout-flow wp-block-column-is-layout-flow\">\n<figure class=\"wp-block-image size-large is-resized\"><img loading=\"lazy\" decoding=\"async\" width=\"796\" height=\"1024\" src=\"https:\/\/adue-nord.de\/wp-content\/uploads\/Deele-Mai19_klein-796x1024.jpg\" alt=\"\" class=\"wp-image-9727\" style=\"width:218px;height:auto\" srcset=\"https:\/\/adue-nord.de\/wp-content\/uploads\/Deele-Mai19_klein-796x1024.jpg 796w, https:\/\/adue-nord.de\/wp-content\/uploads\/Deele-Mai19_klein-233x300.jpg 233w, https:\/\/adue-nord.de\/wp-content\/uploads\/Deele-Mai19_klein-768x988.jpg 768w, https:\/\/adue-nord.de\/wp-content\/uploads\/Deele-Mai19_klein-1195x1536.jpg 1195w, https:\/\/adue-nord.de\/wp-content\/uploads\/Deele-Mai19_klein-1593x2048.jpg 1593w, https:\/\/adue-nord.de\/wp-content\/uploads\/Deele-Mai19_klein-600x771.jpg 600w, https:\/\/adue-nord.de\/wp-content\/uploads\/Deele-Mai19_klein-scaled.jpg 1991w\" sizes=\"auto, (max-width: 796px) 100vw, 796px\" \/><figcaption class=\"wp-element-caption\"><strong>Deele Margarethe Andr\u00e9e<\/strong><br><br><strong>Beauftragte<\/strong><br>Weiterbildung: Webinare und Seminare<br><a href=\"mailto:deele@adue-nord.de\">E-Mail<\/a><\/figcaption><\/figure>\n<\/div>\n<\/div>\n<\/div>\n\n\n\n<div class=\"wp-block-column is-layout-flow wp-block-column-is-layout-flow\">\n<div class=\"wp-block-columns has-2-columns is-layout-flex wp-container-core-columns-is-layout-9d6595d7 wp-block-columns-is-layout-flex\">\n<div class=\"wp-block-column is-layout-flow wp-block-column-is-layout-flow\">\n<figure class=\"wp-block-image size-full is-resized\"><img loading=\"lazy\" decoding=\"async\" width=\"2090\" height=\"2362\" src=\"https:\/\/adue-nord.de\/wp-content\/uploads\/Sibylle_Schmidt_cropped.jpg\" alt=\"\" class=\"wp-image-22484\" style=\"width:247px;height:auto\" srcset=\"https:\/\/adue-nord.de\/wp-content\/uploads\/Sibylle_Schmidt_cropped.jpg 2090w, https:\/\/adue-nord.de\/wp-content\/uploads\/Sibylle_Schmidt_cropped-265x300.jpg 265w, https:\/\/adue-nord.de\/wp-content\/uploads\/Sibylle_Schmidt_cropped-906x1024.jpg 906w, https:\/\/adue-nord.de\/wp-content\/uploads\/Sibylle_Schmidt_cropped-768x868.jpg 768w, https:\/\/adue-nord.de\/wp-content\/uploads\/Sibylle_Schmidt_cropped-1359x1536.jpg 1359w, https:\/\/adue-nord.de\/wp-content\/uploads\/Sibylle_Schmidt_cropped-1812x2048.jpg 1812w, https:\/\/adue-nord.de\/wp-content\/uploads\/Sibylle_Schmidt_cropped-600x678.jpg 600w\" sizes=\"auto, (max-width: 2090px) 100vw, 2090px\" \/><figcaption class=\"wp-element-caption\"><strong>Sibylle Schmidt<\/strong><br><br><strong>Beauftragte<\/strong><br>Mitgliederwerbung<a href=\"mailto:marietta@adue-nord.de\" target=\"_blank\" rel=\"noreferrer noopener\"><br><\/a><a href=\"mailto:sibylle@adue-nord.de\" target=\"_blank\" rel=\"noreferrer noopener\">E-Mail <\/a><\/figcaption><\/figure>\n<\/div>\n\n\n\n<div class=\"wp-block-column is-layout-flow wp-block-column-is-layout-flow\">\n<figure class=\"wp-block-image size-full is-resized\"><img loading=\"lazy\" decoding=\"async\" width=\"1104\" height=\"1292\" src=\"https:\/\/adue-nord.de\/wp-content\/uploads\/Sally_Massmann_quadratisch.jpeg\" alt=\"\" class=\"wp-image-22481\" style=\"width:238px;height:auto\" srcset=\"https:\/\/adue-nord.de\/wp-content\/uploads\/Sally_Massmann_quadratisch.jpeg 1104w, https:\/\/adue-nord.de\/wp-content\/uploads\/Sally_Massmann_quadratisch-256x300.jpeg 256w, https:\/\/adue-nord.de\/wp-content\/uploads\/Sally_Massmann_quadratisch-875x1024.jpeg 875w, https:\/\/adue-nord.de\/wp-content\/uploads\/Sally_Massmann_quadratisch-768x899.jpeg 768w, https:\/\/adue-nord.de\/wp-content\/uploads\/Sally_Massmann_quadratisch-600x702.jpeg 600w\" sizes=\"auto, (max-width: 1104px) 100vw, 1104px\" \/><figcaption class=\"wp-element-caption\"><strong>Sally Ma\u00dfmann<\/strong><br><br><strong>Beauftragte<\/strong><br>Verbandsadministration, Werbebanner, Stellenanzeigen<br><a href=\"mailto:info@sallymassmann.de\" target=\"_blank\" rel=\"noreferrer noopener\">E-Mail<\/a><\/figcaption><\/figure>\n\n\n\n<p><br><\/p>\n<\/div>\n<\/div>\n\n\n\n<p><\/p>\n<\/div>\n<\/div>\n\n\n\n<div class=\"wp-block-columns has-2-columns is-layout-flex wp-container-core-columns-is-layout-9d6595d7 wp-block-columns-is-layout-flex\">\n<div class=\"wp-block-column is-layout-flow wp-block-column-is-layout-flow\">\n<div class=\"wp-block-columns has-2-columns is-layout-flex wp-container-core-columns-is-layout-9d6595d7 wp-block-columns-is-layout-flex\">\n<div class=\"wp-block-column is-layout-flow wp-block-column-is-layout-flow\">\n<figure class=\"wp-block-image size-full is-resized\"><img loading=\"lazy\" decoding=\"async\" width=\"275\" height=\"275\" src=\"https:\/\/adue-nord.de\/wp-content\/uploads\/annika_kunstmann1-275x275.jpg\" alt=\"\" class=\"wp-image-756\" style=\"width:289px;height:auto\" srcset=\"https:\/\/adue-nord.de\/wp-content\/uploads\/annika_kunstmann1-275x275.jpg 275w, https:\/\/adue-nord.de\/wp-content\/uploads\/annika_kunstmann1-275x275-160x160.jpg 160w, https:\/\/adue-nord.de\/wp-content\/uploads\/annika_kunstmann1-275x275-100x100.jpg 100w\" sizes=\"auto, (max-width: 275px) 100vw, 275px\" \/><figcaption class=\"wp-element-caption\"><strong>Annika Kunstmann<\/strong><br><br><strong>Beauftragte<\/strong><br>PR<br><a href=\"mailto:annika@adue-nord.de\">E-Mail<\/a><\/figcaption><\/figure>\n<\/div>\n\n\n\n<div class=\"wp-block-column is-layout-flow wp-block-column-is-layout-flow\">\n<figure class=\"wp-block-image size-full is-resized\"><img loading=\"lazy\" decoding=\"async\" width=\"608\" height=\"608\" src=\"https:\/\/adue-nord.de\/wp-content\/uploads\/3844_Aarhus ArOS.jpg\" alt=\"\" class=\"wp-image-273\" style=\"width:291px;height:auto\" srcset=\"https:\/\/adue-nord.de\/wp-content\/uploads\/3844_Aarhus%20ArOS.jpg 608w, https:\/\/adue-nord.de\/wp-content\/uploads\/3844_Aarhus%20ArOS-300x300.jpg 300w, https:\/\/adue-nord.de\/wp-content\/uploads\/3844_Aarhus%20ArOS-100x100.jpg 100w, https:\/\/adue-nord.de\/wp-content\/uploads\/3844_Aarhus%20ArOS-600x600.jpg 600w, https:\/\/adue-nord.de\/wp-content\/uploads\/3844_Aarhus%20ArOS-160x160.jpg 160w\" sizes=\"auto, (max-width: 608px) 100vw, 608px\" \/><figcaption class=\"wp-element-caption\"><strong>Philipp Diepmans<\/strong><br><br><strong>Kollegentreffen in Flensburg<\/strong><br><a href=\"mailto:diepmans@3kon.de\">E-Mail<\/a><\/figcaption><\/figure>\n<\/div>\n<\/div>\n<\/div>\n\n\n\n<div class=\"wp-block-column is-layout-flow wp-block-column-is-layout-flow\">\n<div class=\"wp-block-columns has-2-columns is-layout-flex wp-container-core-columns-is-layout-9d6595d7 wp-block-columns-is-layout-flex\">\n<div class=\"wp-block-column is-layout-flow wp-block-column-is-layout-flow\">\n<figure class=\"wp-block-image size-full is-resized\"><img loading=\"lazy\" decoding=\"async\" width=\"2171\" height=\"2560\" src=\"https:\/\/adue-nord.de\/wp-content\/uploads\/Liz_Hicks_quadratisch-scaled.jpg\" alt=\"\" class=\"wp-image-22474\" style=\"width:217px;height:auto\" srcset=\"https:\/\/adue-nord.de\/wp-content\/uploads\/Liz_Hicks_quadratisch-scaled.jpg 2171w, https:\/\/adue-nord.de\/wp-content\/uploads\/Liz_Hicks_quadratisch-254x300.jpg 254w, https:\/\/adue-nord.de\/wp-content\/uploads\/Liz_Hicks_quadratisch-868x1024.jpg 868w, https:\/\/adue-nord.de\/wp-content\/uploads\/Liz_Hicks_quadratisch-768x906.jpg 768w, https:\/\/adue-nord.de\/wp-content\/uploads\/Liz_Hicks_quadratisch-1302x1536.jpg 1302w, https:\/\/adue-nord.de\/wp-content\/uploads\/Liz_Hicks_quadratisch-1736x2048.jpg 1736w, https:\/\/adue-nord.de\/wp-content\/uploads\/Liz_Hicks_quadratisch-600x708.jpg 600w\" sizes=\"auto, (max-width: 2171px) 100vw, 2171px\" \/><figcaption class=\"wp-element-caption\"><strong>Elisabeth Hicks<\/strong><br><br><strong>Beauftragte<\/strong><br>Verb\u00e4nde und Dachverb\u00e4nde<a href=\"mailto:marietta@adue-nord.de\" target=\"_blank\" rel=\"noreferrer noopener\"><br><\/a><a href=\"mailto:sibylle@adue-nord.de\" target=\"_blank\" rel=\"noreferrer noopener\">E-Mail <\/a><\/figcaption><\/figure>\n<\/div>\n\n\n\n<div class=\"wp-block-column is-layout-flow wp-block-column-is-layout-flow\">\n<figure class=\"wp-block-image size-full is-resized\"><img loading=\"lazy\" decoding=\"async\" width=\"748\" height=\"749\" src=\"https:\/\/adue-nord.de\/wp-content\/uploads\/Bild_Frank_Petzold_quadratisch.jpg\" alt=\"\" class=\"wp-image-3934\" style=\"width:283px;height:auto\" srcset=\"https:\/\/adue-nord.de\/wp-content\/uploads\/Bild_Frank_Petzold_quadratisch.jpg 748w, https:\/\/adue-nord.de\/wp-content\/uploads\/Bild_Frank_Petzold_quadratisch-160x160.jpg 160w, https:\/\/adue-nord.de\/wp-content\/uploads\/Bild_Frank_Petzold_quadratisch-300x300.jpg 300w, https:\/\/adue-nord.de\/wp-content\/uploads\/Bild_Frank_Petzold_quadratisch-600x601.jpg 600w, https:\/\/adue-nord.de\/wp-content\/uploads\/Bild_Frank_Petzold_quadratisch-100x100.jpg 100w\" sizes=\"auto, (max-width: 748px) 100vw, 748px\" \/><figcaption class=\"wp-element-caption\"><strong>Frank Petzold<\/strong><br><br><strong>Redaktion \u00ab\u00a0Zieltexter\u00a0\u00bb<\/strong><br><a href=\"mailto:frank@adue-nord.de\" target=\"_blank\" rel=\"noreferrer noopener\">E-Mail<\/a><\/figcaption><\/figure>\n\n\n\n<p><br><\/p>\n<\/div>\n<\/div>\n\n\n\n<p><\/p>\n<\/div>\n<\/div>\n\n\n\n<div class=\"wp-block-columns has-2-columns is-layout-flex wp-container-core-columns-is-layout-9d6595d7 wp-block-columns-is-layout-flex\">\n<div class=\"wp-block-column is-layout-flow wp-block-column-is-layout-flow\">\n<div class=\"wp-block-columns has-2-columns is-layout-flex wp-container-core-columns-is-layout-9d6595d7 wp-block-columns-is-layout-flex\">\n<div class=\"wp-block-column is-layout-flow wp-block-column-is-layout-flow\">\n<figure class=\"wp-block-image size-full\"><img loading=\"lazy\" decoding=\"async\" width=\"275\" height=\"275\" src=\"https:\/\/adue-nord.de\/wp-content\/uploads\/Foto-Brigitte-Duerke-e1571177435911.jpg\" alt=\"\" class=\"wp-image-3624\"\/><figcaption class=\"wp-element-caption\"><strong>Brigitte D\u00fcrke<\/strong><br><br><strong>Gesch\u00e4ftsstelle<\/strong><br><a href=\"mailto:gs@adue-nord.de\" target=\"_blank\" rel=\"noreferrer noopener\">E-Mail<\/a><\/figcaption><\/figure>\n<\/div>\n<\/div>\n<\/div>\n<\/div>\n","protected":false},"excerpt":{"rendered":"<p>Damit die vielf\u00e4ltigen Aufgaben des AD\u00dc Nord immer in kompetenten H\u00e4nden liegen, hat sich der Vorstand ein ganzes Team von Beauftragten zur Seite gestellt, die als Ansprechpartner f\u00fcr ihr jeweiliges [&hellip;]<\/p>\n","protected":false},"author":1413,"featured_media":0,"parent":0,"menu_order":0,"comment_status":"closed","ping_status":"closed","template":"","meta":{"_acf_changed":false,"_price":"","_stock":"","_tribe_ticket_header":"","_tribe_default_ticket_provider":"","_tribe_ticket_capacity":"0","_ticket_start_date":"","_ticket_end_date":"","_tribe_ticket_show_description":"","_tribe_ticket_show_not_going":false,"_tribe_ticket_use_global_stock":"","_tribe_ticket_global_stock_level":"","_global_stock_mode":"","_global_stock_cap":"","_tribe_rsvp_for_event":"","_tribe_ticket_going_count":"","_tribe_ticket_not_going_count":"","_tribe_tickets_list":"[]","_tribe_ticket_has_attendee_info_fields":false,"footnotes":""},"class_list":["post-748","page","type-page","status-publish","hentry"],"acf":[],"yoast_head":"<!-- This site is optimized with the Yoast SEO plugin v27.5 - https:\/\/yoast.com\/product\/yoast-seo-wordpress\/ -->\n<title>Team<\/title>\n<meta name=\"robots\" content=\"index, follow, max-snippet:-1, max-image-preview:large, max-video-preview:-1\" \/>\n<link rel=\"canonical\" href=\"https:\/\/adue-nord.de\/fr\/team\/\" \/>\n<meta property=\"og:locale\" content=\"fr_FR\" \/>\n<meta property=\"og:locale:alternate\" content=\"de_DE\" \/>\n<meta property=\"og:locale:alternate\" content=\"en_US\" \/>\n<meta property=\"og:type\" content=\"article\" \/>\n<meta property=\"og:title\" content=\"Team\" \/>\n<meta property=\"og:description\" content=\"Damit die vielf\u00e4ltigen Aufgaben des AD\u00dc Nord immer in kompetenten H\u00e4nden liegen, hat sich der Vorstand ein ganzes Team von Beauftragten zur Seite gestellt, die als Ansprechpartner f\u00fcr ihr jeweiliges [&hellip;]\" \/>\n<meta property=\"og:url\" content=\"https:\/\/adue-nord.de\/fr\/team\/\" \/>\n<meta property=\"og:site_name\" content=\"AD\u00dc Nord e. V.\" \/>\n<meta property=\"article:publisher\" content=\"https:\/\/www.facebook.com\/ADUE.NORD\" \/>\n<meta property=\"article:modified_time\" content=\"2025-11-19T12:02:20+00:00\" \/>\n<meta property=\"og:image\" content=\"https:\/\/adue-nord.de\/wp-content\/uploads\/Storm-Natalia.jpg\" \/>\n\t<meta property=\"og:image:width\" content=\"275\" \/>\n\t<meta property=\"og:image:height\" content=\"275\" \/>\n\t<meta property=\"og:image:type\" content=\"image\/jpeg\" \/>\n<meta name=\"twitter:card\" content=\"summary_large_image\" \/>\n<meta name=\"twitter:site\" content=\"@ADUeNORD\" \/>\n<meta name=\"twitter:label1\" content=\"Dur\u00e9e de lecture estim\u00e9e\" \/>\n\t<meta name=\"twitter:data1\" content=\"5 minutes\" \/>\n<script type=\"application\/ld+json\" class=\"yoast-schema-graph\">{\"@context\":\"https:\\\/\\\/schema.org\",\"@graph\":[{\"@type\":\"WebPage\",\"@id\":\"https:\\\/\\\/adue-nord.de\\\/team\\\/\",\"url\":\"https:\\\/\\\/adue-nord.de\\\/team\\\/\",\"name\":\"Team\",\"isPartOf\":{\"@id\":\"https:\\\/\\\/adue-nord.de\\\/fr\\\/#website\"},\"primaryImageOfPage\":{\"@id\":\"https:\\\/\\\/adue-nord.de\\\/team\\\/#primaryimage\"},\"image\":{\"@id\":\"https:\\\/\\\/adue-nord.de\\\/team\\\/#primaryimage\"},\"thumbnailUrl\":\"https:\\\/\\\/adue-nord.de\\\/wp-content\\\/uploads\\\/Storm-Natalia.jpg\",\"datePublished\":\"2019-06-04T14:01:37+00:00\",\"dateModified\":\"2025-11-19T12:02:20+00:00\",\"breadcrumb\":{\"@id\":\"https:\\\/\\\/adue-nord.de\\\/team\\\/#breadcrumb\"},\"inLanguage\":\"fr-FR\",\"potentialAction\":[{\"@type\":\"ReadAction\",\"target\":[\"https:\\\/\\\/adue-nord.de\\\/team\\\/\"]}]},{\"@type\":\"ImageObject\",\"inLanguage\":\"fr-FR\",\"@id\":\"https:\\\/\\\/adue-nord.de\\\/team\\\/#primaryimage\",\"url\":\"https:\\\/\\\/adue-nord.de\\\/wp-content\\\/uploads\\\/Storm-Natalia.jpg\",\"contentUrl\":\"https:\\\/\\\/adue-nord.de\\\/wp-content\\\/uploads\\\/Storm-Natalia.jpg\"},{\"@type\":\"BreadcrumbList\",\"@id\":\"https:\\\/\\\/adue-nord.de\\\/team\\\/#breadcrumb\",\"itemListElement\":[{\"@type\":\"ListItem\",\"position\":1,\"name\":\"Startseite\",\"item\":\"https:\\\/\\\/adue-nord.de\\\/\"},{\"@type\":\"ListItem\",\"position\":2,\"name\":\"Team\"}]},{\"@type\":\"WebSite\",\"@id\":\"https:\\\/\\\/adue-nord.de\\\/fr\\\/#website\",\"url\":\"https:\\\/\\\/adue-nord.de\\\/fr\\\/\",\"name\":\"AD\u00dc Nord e. V.\",\"description\":\"Verein Assoziierter Dolmetscher und \u00dcbersetzer in Norddeutschland\",\"publisher\":{\"@id\":\"https:\\\/\\\/adue-nord.de\\\/fr\\\/#organization\"},\"potentialAction\":[{\"@type\":\"SearchAction\",\"target\":{\"@type\":\"EntryPoint\",\"urlTemplate\":\"https:\\\/\\\/adue-nord.de\\\/fr\\\/?s={search_term_string}\"},\"query-input\":{\"@type\":\"PropertyValueSpecification\",\"valueRequired\":true,\"valueName\":\"search_term_string\"}}],\"inLanguage\":\"fr-FR\"},{\"@type\":\"Organization\",\"@id\":\"https:\\\/\\\/adue-nord.de\\\/fr\\\/#organization\",\"name\":\"AD\u00dc Nord e.V.\",\"url\":\"https:\\\/\\\/adue-nord.de\\\/fr\\\/\",\"logo\":{\"@type\":\"ImageObject\",\"inLanguage\":\"fr-FR\",\"@id\":\"https:\\\/\\\/adue-nord.de\\\/fr\\\/#\\\/schema\\\/logo\\\/image\\\/\",\"url\":\"https:\\\/\\\/adue-nord.de\\\/wp-content\\\/uploads\\\/logo-e1604331524791.png\",\"contentUrl\":\"https:\\\/\\\/adue-nord.de\\\/wp-content\\\/uploads\\\/logo-e1604331524791.png\",\"width\":720,\"height\":186,\"caption\":\"AD\u00dc Nord e.V.\"},\"image\":{\"@id\":\"https:\\\/\\\/adue-nord.de\\\/fr\\\/#\\\/schema\\\/logo\\\/image\\\/\"},\"sameAs\":[\"https:\\\/\\\/www.facebook.com\\\/ADUE.NORD\",\"https:\\\/\\\/x.com\\\/ADUeNORD\"]}]}<\/script>\n<!-- \/ Yoast SEO plugin. -->","yoast_head_json":{"title":"Team","robots":{"index":"index","follow":"follow","max-snippet":"max-snippet:-1","max-image-preview":"max-image-preview:large","max-video-preview":"max-video-preview:-1"},"canonical":"https:\/\/adue-nord.de\/fr\/team\/","og_locale":"fr_FR","og_type":"article","og_title":"[:de]Team[:] - AD\u00dc Nord e. V.","og_description":"Damit die vielf\u00e4ltigen Aufgaben des AD\u00dc Nord immer in kompetenten H\u00e4nden liegen, hat sich der Vorstand ein ganzes Team von Beauftragten zur Seite gestellt, die als Ansprechpartner f\u00fcr ihr jeweiliges [&hellip;]","og_url":"https:\/\/adue-nord.de\/fr\/team\/","og_site_name":"AD\u00dc Nord e. V.","article_publisher":"https:\/\/www.facebook.com\/ADUE.NORD","article_modified_time":"2025-11-19T12:02:20+00:00","og_image":[{"width":275,"height":275,"url":"https:\/\/adue-nord.de\/wp-content\/uploads\/Storm-Natalia.jpg","type":"image\/jpeg"}],"twitter_card":"summary_large_image","twitter_site":"@ADUeNORD","twitter_misc":{"Dur\u00e9e de lecture estim\u00e9e":"5 minutes"},"schema":{"@context":"https:\/\/schema.org","@graph":[{"@type":"WebPage","@id":"https:\/\/adue-nord.de\/team\/","url":"https:\/\/adue-nord.de\/team\/","name":"Team","isPartOf":{"@id":"https:\/\/adue-nord.de\/fr\/#website"},"primaryImageOfPage":{"@id":"https:\/\/adue-nord.de\/team\/#primaryimage"},"image":{"@id":"https:\/\/adue-nord.de\/team\/#primaryimage"},"thumbnailUrl":"https:\/\/adue-nord.de\/wp-content\/uploads\/Storm-Natalia.jpg","datePublished":"2019-06-04T14:01:37+00:00","dateModified":"2025-11-19T12:02:20+00:00","breadcrumb":{"@id":"https:\/\/adue-nord.de\/team\/#breadcrumb"},"inLanguage":"fr-FR","potentialAction":[{"@type":"ReadAction","target":["https:\/\/adue-nord.de\/team\/"]}]},{"@type":"ImageObject","inLanguage":"fr-FR","@id":"https:\/\/adue-nord.de\/team\/#primaryimage","url":"https:\/\/adue-nord.de\/wp-content\/uploads\/Storm-Natalia.jpg","contentUrl":"https:\/\/adue-nord.de\/wp-content\/uploads\/Storm-Natalia.jpg"},{"@type":"BreadcrumbList","@id":"https:\/\/adue-nord.de\/team\/#breadcrumb","itemListElement":[{"@type":"ListItem","position":1,"name":"Startseite","item":"https:\/\/adue-nord.de\/"},{"@type":"ListItem","position":2,"name":"Team"}]},{"@type":"WebSite","@id":"https:\/\/adue-nord.de\/fr\/#website","url":"https:\/\/adue-nord.de\/fr\/","name":"AD\u00dc Nord e. V.","description":"Verein Assoziierter Dolmetscher und \u00dcbersetzer in Norddeutschland","publisher":{"@id":"https:\/\/adue-nord.de\/fr\/#organization"},"potentialAction":[{"@type":"SearchAction","target":{"@type":"EntryPoint","urlTemplate":"https:\/\/adue-nord.de\/fr\/?s={search_term_string}"},"query-input":{"@type":"PropertyValueSpecification","valueRequired":true,"valueName":"search_term_string"}}],"inLanguage":"fr-FR"},{"@type":"Organization","@id":"https:\/\/adue-nord.de\/fr\/#organization","name":"AD\u00dc Nord e.V.","url":"https:\/\/adue-nord.de\/fr\/","logo":{"@type":"ImageObject","inLanguage":"fr-FR","@id":"https:\/\/adue-nord.de\/fr\/#\/schema\/logo\/image\/","url":"https:\/\/adue-nord.de\/wp-content\/uploads\/logo-e1604331524791.png","contentUrl":"https:\/\/adue-nord.de\/wp-content\/uploads\/logo-e1604331524791.png","width":720,"height":186,"caption":"AD\u00dc Nord e.V."},"image":{"@id":"https:\/\/adue-nord.de\/fr\/#\/schema\/logo\/image\/"},"sameAs":["https:\/\/www.facebook.com\/ADUE.NORD","https:\/\/x.com\/ADUeNORD"]}]}},"_links":{"self":[{"href":"https:\/\/adue-nord.de\/fr\/wp-json\/wp\/v2\/pages\/748","targetHints":{"allow":["GET"]}}],"collection":[{"href":"https:\/\/adue-nord.de\/fr\/wp-json\/wp\/v2\/pages"}],"about":[{"href":"https:\/\/adue-nord.de\/fr\/wp-json\/wp\/v2\/types\/page"}],"author":[{"embeddable":true,"href":"https:\/\/adue-nord.de\/fr\/wp-json\/wp\/v2\/users\/1413"}],"replies":[{"embeddable":true,"href":"https:\/\/adue-nord.de\/fr\/wp-json\/wp\/v2\/comments?post=748"}],"version-history":[{"count":19,"href":"https:\/\/adue-nord.de\/fr\/wp-json\/wp\/v2\/pages\/748\/revisions"}],"predecessor-version":[{"id":22494,"href":"https:\/\/adue-nord.de\/fr\/wp-json\/wp\/v2\/pages\/748\/revisions\/22494"}],"wp:attachment":[{"href":"https:\/\/adue-nord.de\/fr\/wp-json\/wp\/v2\/media?parent=748"}],"curies":[{"name":"wp","href":"https:\/\/api.w.org\/{rel}","templated":true}]}}